{"id":7500,"date":"2023-11-09T13:21:32","date_gmt":"2023-11-09T12:21:32","guid":{"rendered":"https:\/\/pocas.pt\/?post_type=product&#038;p=7500"},"modified":"2025-12-19T14:32:48","modified_gmt":"2025-12-19T13:32:48","slug":"pocas-colheita","status":"publish","type":"product","link":"https:\/\/pocas.pt\/en\/product\/pocas-colheita\/","title":{"rendered":"Po\u00e7as Colheita"},"content":{"rendered":"<p>The history of Po\u00e7as Colheita Port is almost lost in the mists of time.<br \/>\nColheita, which means \u2018harvest\u2019 in Portuguese, is the result both of nature being exceptionally giving as well as of the lengthy rest that the oenologist wisely allows the grapes during their time once off the vine.<br \/>\nAs it is bottled several times over its lifetime, Colheita Port is passed on as a legacy from generation to generation, so that the identity of Po\u00e7as is never lost in time.<br \/>\nFrom the year of its harvest, its time in the bottle allows this wine to assume the desired form and complexity. \u201cTo give life to a Colheita is to prepare a wine for a long journey through time\u201d.<\/p>\n","protected":false},"excerpt":{"rendered":"<p>The history of Po\u00e7as Colheita Port is almost lost in the mists of time. Colheita, which means \u2018harvest\u2019 in Portuguese, is the result both of nature being exceptionally giving as well as of the lengthy rest that the oenologist wisely allows the grapes during their time once off the vine. As it is bottled several&hellip; <a class=\"more-link\" href=\"https:\/\/pocas.pt\/en\/product\/pocas-colheita\/\">Continue reading <span class=\"screen-reader-text\">Po\u00e7as Colheita<\/span><\/a><\/p>\n","protected":false},"featured_media":10097,"template":"","meta":{"_acf_changed":false,"inline_featured_image":false,"_monsterinsights_skip_tracking":false,"_monsterinsights_sitenote_active":false,"_monsterinsights_sitenote_note":"","_monsterinsights_sitenote_category":0},"product_cat":[95,96],"product_tag":[275],"class_list":{"0":"post-7500","1":"product","2":"type-product","3":"status-publish","4":"has-post-thumbnail","6":"product_cat-port-wine","7":"product_cat-colheita-en","8":"product_tag-vegan","9":"vintage-308","10":"entry","12":"first","13":"instock","14":"shipping-taxable","15":"product-type-simple"},"acf":[],"yoast_head":"<!-- This site is optimized with the Yoast SEO plugin v24.0 - https:\/\/yoast.com\/wordpress\/plugins\/seo\/ -->\r\n<title>Po\u00e7as Colheita - Po\u00e7as - Produtor Independente de Vinhos DOC Douro e do Porto<\/title>\r\n<meta name=\"robots\" content=\"index, follow, max-snippet:-1, max-image-preview:large, max-video-preview:-1\" \/>\r\n<link rel=\"canonical\" href=\"https:\/\/pocas.pt\/en\/product\/pocas-colheita\/\" \/>\r\n<meta property=\"og:locale\" content=\"en_US\" \/>\r\n<meta property=\"og:type\" content=\"article\" \/>\r\n<meta property=\"og:title\" content=\"Po\u00e7as Colheita - Po\u00e7as - Produtor Independente de Vinhos DOC Douro e do Porto\" \/>\r\n<meta property=\"og:description\" content=\"The history of Po\u00e7as Colheita Port is almost lost in the mists of time. Colheita, which means \u2018harvest\u2019 in Portuguese, is the result both of nature being exceptionally giving as well as of the lengthy rest that the oenologist wisely allows the grapes during their time once off the vine. As it is bottled several&hellip; Continue reading Po\u00e7as Colheita\" \/>\r\n<meta property=\"og:url\" content=\"https:\/\/pocas.pt\/en\/product\/pocas-colheita\/\" \/>\r\n<meta property=\"og:site_name\" content=\"Po\u00e7as - Produtor Independente de Vinhos DOC Douro e do Porto\" \/>\r\n<meta property=\"article:publisher\" content=\"https:\/\/www.facebook.com\/Pocas.Wines\" \/>\r\n<meta property=\"article:modified_time\" content=\"2025-12-19T13:32:48+00:00\" \/>\r\n<meta property=\"og:image\" content=\"https:\/\/pocas.pt\/wp-content\/uploads\/2023\/11\/Pocas-Colheita-2015-75cl_draft.png\" \/>\r\n\t<meta property=\"og:image:width\" content=\"800\" \/>\r\n\t<meta property=\"og:image:height\" content=\"1200\" \/>\r\n\t<meta property=\"og:image:type\" content=\"image\/png\" \/>\r\n<meta name=\"twitter:card\" content=\"summary_large_image\" \/>\r\n<meta name=\"twitter:site\" content=\"@pocaswines\" \/>\r\n<meta name=\"twitter:label1\" content=\"Est. reading time\" \/>\n\t<meta name=\"twitter:data1\" content=\"1 minute\" \/>\r\n<script type=\"application\/ld+json\" class=\"yoast-schema-graph\">{\"@context\":\"https:\/\/schema.org\",\"@graph\":[{\"@type\":\"WebPage\",\"@id\":\"https:\/\/pocas.pt\/en\/product\/pocas-colheita\/\",\"url\":\"https:\/\/pocas.pt\/en\/product\/pocas-colheita\/\",\"name\":\"Po\u00e7as Colheita - Po\u00e7as - Produtor Independente de Vinhos DOC Douro e do Porto\",\"isPartOf\":{\"@id\":\"https:\/\/pocas.pt\/#website\"},\"primaryImageOfPage\":{\"@id\":\"https:\/\/pocas.pt\/en\/product\/pocas-colheita\/#primaryimage\"},\"image\":{\"@id\":\"https:\/\/pocas.pt\/en\/product\/pocas-colheita\/#primaryimage\"},\"thumbnailUrl\":\"https:\/\/pocas.pt\/wp-content\/uploads\/2023\/11\/Pocas-Colheita-2015-75cl_draft.png\",\"datePublished\":\"2023-11-09T12:21:32+00:00\",\"dateModified\":\"2025-12-19T13:32:48+00:00\",\"breadcrumb\":{\"@id\":\"https:\/\/pocas.pt\/en\/product\/pocas-colheita\/#breadcrumb\"},\"inLanguage\":\"en-US\",\"potentialAction\":[{\"@type\":\"ReadAction\",\"target\":[\"https:\/\/pocas.pt\/en\/product\/pocas-colheita\/\"]}]},{\"@type\":\"ImageObject\",\"inLanguage\":\"en-US\",\"@id\":\"https:\/\/pocas.pt\/en\/product\/pocas-colheita\/#primaryimage\",\"url\":\"https:\/\/pocas.pt\/wp-content\/uploads\/2023\/11\/Pocas-Colheita-2015-75cl_draft.png\",\"contentUrl\":\"https:\/\/pocas.pt\/wp-content\/uploads\/2023\/11\/Pocas-Colheita-2015-75cl_draft.png\",\"width\":800,\"height\":1200},{\"@type\":\"BreadcrumbList\",\"@id\":\"https:\/\/pocas.pt\/en\/product\/pocas-colheita\/#breadcrumb\",\"itemListElement\":[{\"@type\":\"ListItem\",\"position\":1,\"name\":\"In\u00edcio\",\"item\":\"https:\/\/pocas.pt\/en\/\"},{\"@type\":\"ListItem\",\"position\":2,\"name\":\"Po\u00e7as Colheita\"}]},{\"@type\":\"WebSite\",\"@id\":\"https:\/\/pocas.pt\/#website\",\"url\":\"https:\/\/pocas.pt\/\",\"name\":\"Po\u00e7as - Produtor Independente de Vinhos DOC Douro e do Porto\",\"description\":\"\",\"publisher\":{\"@id\":\"https:\/\/pocas.pt\/#organization\"},\"potentialAction\":[{\"@type\":\"SearchAction\",\"target\":{\"@type\":\"EntryPoint\",\"urlTemplate\":\"https:\/\/pocas.pt\/?s={search_term_string}\"},\"query-input\":{\"@type\":\"PropertyValueSpecification\",\"valueRequired\":true,\"valueName\":\"search_term_string\"}}],\"inLanguage\":\"en-US\"},{\"@type\":\"Organization\",\"@id\":\"https:\/\/pocas.pt\/#organization\",\"name\":\"Po\u00e7as J\u00fanior\",\"url\":\"https:\/\/pocas.pt\/\",\"logo\":{\"@type\":\"ImageObject\",\"inLanguage\":\"en-US\",\"@id\":\"https:\/\/pocas.pt\/#\/schema\/logo\/image\/\",\"url\":\"https:\/\/pocas.pt\/wp-content\/uploads\/2021\/03\/logotipo-pocas-black.svg\",\"contentUrl\":\"https:\/\/pocas.pt\/wp-content\/uploads\/2021\/03\/logotipo-pocas-black.svg\",\"width\":612,\"height\":261,\"caption\":\"Po\u00e7as J\u00fanior\"},\"image\":{\"@id\":\"https:\/\/pocas.pt\/#\/schema\/logo\/image\/\"},\"sameAs\":[\"https:\/\/www.facebook.com\/Pocas.Wines\",\"https:\/\/x.com\/pocaswines\",\"https:\/\/www.instagram.com\/pocaswines\/\"]}]}<\/script>\r\n<!-- \/ Yoast SEO plugin. -->","yoast_head_json":{"title":"Po\u00e7as Colheita - Po\u00e7as - Produtor Independente de Vinhos DOC Douro e do Porto","robots":{"index":"index","follow":"follow","max-snippet":"max-snippet:-1","max-image-preview":"max-image-preview:large","max-video-preview":"max-video-preview:-1"},"canonical":"https:\/\/pocas.pt\/en\/product\/pocas-colheita\/","og_locale":"en_US","og_type":"article","og_title":"Po\u00e7as Colheita - Po\u00e7as - Produtor Independente de Vinhos DOC Douro e do Porto","og_description":"The history of Po\u00e7as Colheita Port is almost lost in the mists of time. Colheita, which means \u2018harvest\u2019 in Portuguese, is the result both of nature being exceptionally giving as well as of the lengthy rest that the oenologist wisely allows the grapes during their time once off the vine. As it is bottled several&hellip; Continue reading Po\u00e7as Colheita","og_url":"https:\/\/pocas.pt\/en\/product\/pocas-colheita\/","og_site_name":"Po\u00e7as - Produtor Independente de Vinhos DOC Douro e do Porto","article_publisher":"https:\/\/www.facebook.com\/Pocas.Wines","article_modified_time":"2025-12-19T13:32:48+00:00","og_image":[{"width":800,"height":1200,"url":"https:\/\/pocas.pt\/wp-content\/uploads\/2023\/11\/Pocas-Colheita-2015-75cl_draft.png","type":"image\/png"}],"twitter_card":"summary_large_image","twitter_site":"@pocaswines","twitter_misc":{"Est. reading time":"1 minute"},"schema":{"@context":"https:\/\/schema.org","@graph":[{"@type":"WebPage","@id":"https:\/\/pocas.pt\/en\/product\/pocas-colheita\/","url":"https:\/\/pocas.pt\/en\/product\/pocas-colheita\/","name":"Po\u00e7as Colheita - Po\u00e7as - Produtor Independente de Vinhos DOC Douro e do Porto","isPartOf":{"@id":"https:\/\/pocas.pt\/#website"},"primaryImageOfPage":{"@id":"https:\/\/pocas.pt\/en\/product\/pocas-colheita\/#primaryimage"},"image":{"@id":"https:\/\/pocas.pt\/en\/product\/pocas-colheita\/#primaryimage"},"thumbnailUrl":"https:\/\/pocas.pt\/wp-content\/uploads\/2023\/11\/Pocas-Colheita-2015-75cl_draft.png","datePublished":"2023-11-09T12:21:32+00:00","dateModified":"2025-12-19T13:32:48+00:00","breadcrumb":{"@id":"https:\/\/pocas.pt\/en\/product\/pocas-colheita\/#breadcrumb"},"inLanguage":"en-US","potentialAction":[{"@type":"ReadAction","target":["https:\/\/pocas.pt\/en\/product\/pocas-colheita\/"]}]},{"@type":"ImageObject","inLanguage":"en-US","@id":"https:\/\/pocas.pt\/en\/product\/pocas-colheita\/#primaryimage","url":"https:\/\/pocas.pt\/wp-content\/uploads\/2023\/11\/Pocas-Colheita-2015-75cl_draft.png","contentUrl":"https:\/\/pocas.pt\/wp-content\/uploads\/2023\/11\/Pocas-Colheita-2015-75cl_draft.png","width":800,"height":1200},{"@type":"BreadcrumbList","@id":"https:\/\/pocas.pt\/en\/product\/pocas-colheita\/#breadcrumb","itemListElement":[{"@type":"ListItem","position":1,"name":"In\u00edcio","item":"https:\/\/pocas.pt\/en\/"},{"@type":"ListItem","position":2,"name":"Po\u00e7as Colheita"}]},{"@type":"WebSite","@id":"https:\/\/pocas.pt\/#website","url":"https:\/\/pocas.pt\/","name":"Po\u00e7as - Produtor Independente de Vinhos DOC Douro e do Porto","description":"","publisher":{"@id":"https:\/\/pocas.pt\/#organization"},"potentialAction":[{"@type":"SearchAction","target":{"@type":"EntryPoint","urlTemplate":"https:\/\/pocas.pt\/?s={search_term_string}"},"query-input":{"@type":"PropertyValueSpecification","valueRequired":true,"valueName":"search_term_string"}}],"inLanguage":"en-US"},{"@type":"Organization","@id":"https:\/\/pocas.pt\/#organization","name":"Po\u00e7as J\u00fanior","url":"https:\/\/pocas.pt\/","logo":{"@type":"ImageObject","inLanguage":"en-US","@id":"https:\/\/pocas.pt\/#\/schema\/logo\/image\/","url":"https:\/\/pocas.pt\/wp-content\/uploads\/2021\/03\/logotipo-pocas-black.svg","contentUrl":"https:\/\/pocas.pt\/wp-content\/uploads\/2021\/03\/logotipo-pocas-black.svg","width":612,"height":261,"caption":"Po\u00e7as J\u00fanior"},"image":{"@id":"https:\/\/pocas.pt\/#\/schema\/logo\/image\/"},"sameAs":["https:\/\/www.facebook.com\/Pocas.Wines","https:\/\/x.com\/pocaswines","https:\/\/www.instagram.com\/pocaswines\/"]}]}},"_links":{"self":[{"href":"https:\/\/pocas.pt\/en\/wp-json\/wp\/v2\/product\/7500","targetHints":{"allow":["GET"]}}],"collection":[{"href":"https:\/\/pocas.pt\/en\/wp-json\/wp\/v2\/product"}],"about":[{"href":"https:\/\/pocas.pt\/en\/wp-json\/wp\/v2\/types\/product"}],"wp:featuredmedia":[{"embeddable":true,"href":"https:\/\/pocas.pt\/en\/wp-json\/wp\/v2\/media\/10097"}],"wp:attachment":[{"href":"https:\/\/pocas.pt\/en\/wp-json\/wp\/v2\/media?parent=7500"}],"wp:term":[{"taxonomy":"product_cat","embeddable":true,"href":"https:\/\/pocas.pt\/en\/wp-json\/wp\/v2\/product_cat?post=7500"},{"taxonomy":"product_tag","embeddable":true,"href":"https:\/\/pocas.pt\/en\/wp-json\/wp\/v2\/product_tag?post=7500"}],"curies":[{"name":"wp","href":"https:\/\/api.w.org\/{rel}","templated":true}]}}