{"id":9458,"date":"2025-06-12T10:58:16","date_gmt":"2025-06-12T09:58:16","guid":{"rendered":"https:\/\/pocas.pt\/?post_type=product&#038;p=9458"},"modified":"2026-02-09T12:57:15","modified_gmt":"2026-02-09T11:57:15","slug":"pocas-fora-da-serie-uppercut-edicao-especial","status":"publish","type":"product","link":"https:\/\/pocas.pt\/en\/product\/pocas-fora-da-serie-uppercut-edicao-especial\/","title":{"rendered":"Po\u00e7as Fora da S\u00e9rie Uppercut Edi\u00e7\u00e3o Especial"},"content":{"rendered":"<p>Made from a blend of grapes from different years, sourced from our old vineyards in Baixo Corgo, Cima Corgo, and Douro Superior, carefully selected by the winemaker over the years for their unique characteristics. Aged in French oak barrels, this wine reveals a fresh and engaging profile, with notes of black fruit and cherry. The elegance of the fruit and the refined texture on the palate reflect mastery in the art of blending<\/p>\n","protected":false},"excerpt":{"rendered":"<p>Made from a blend of grapes from different years, sourced from our old vineyards in Baixo Corgo, Cima Corgo, and Douro Superior, carefully selected by the winemaker over the years for their unique characteristics. Aged in French oak barrels, this wine reveals a fresh and engaging profile, with notes of black fruit and cherry. The&hellip; <a class=\"more-link\" href=\"https:\/\/pocas.pt\/en\/product\/pocas-fora-da-serie-uppercut-edicao-especial\/\">Continue reading <span class=\"screen-reader-text\">Po\u00e7as Fora da S\u00e9rie Uppercut Edi\u00e7\u00e3o Especial<\/span><\/a><\/p>\n","protected":false},"featured_media":9456,"template":"","meta":{"_acf_changed":false,"inline_featured_image":false,"_monsterinsights_skip_tracking":false,"_monsterinsights_sitenote_active":false,"_monsterinsights_sitenote_note":"","_monsterinsights_sitenote_category":0},"product_cat":[210],"product_tag":[],"class_list":{"0":"post-9458","1":"product","2":"type-product","3":"status-publish","4":"has-post-thumbnail","6":"product_cat-fora-da-serie-en","7":"entry","9":"first","10":"instock","11":"shipping-taxable","12":"product-type-simple"},"acf":[],"yoast_head":"<!-- This site is optimized with the Yoast SEO plugin v24.0 - https:\/\/yoast.com\/wordpress\/plugins\/seo\/ -->\r\n<title>Po\u00e7as Fora da S\u00e9rie Uppercut Edi\u00e7\u00e3o Especial - Po\u00e7as - Produtor Independente de Vinhos DOC Douro e do Porto<\/title>\r\n<meta name=\"robots\" content=\"index, follow, max-snippet:-1, max-image-preview:large, max-video-preview:-1\" \/>\r\n<link rel=\"canonical\" href=\"https:\/\/pocas.pt\/en\/product\/pocas-fora-da-serie-uppercut-edicao-especial\/\" \/>\r\n<meta property=\"og:locale\" content=\"en_US\" \/>\r\n<meta property=\"og:type\" content=\"article\" \/>\r\n<meta property=\"og:title\" content=\"Po\u00e7as Fora da S\u00e9rie Uppercut Edi\u00e7\u00e3o Especial - Po\u00e7as - Produtor Independente de Vinhos DOC Douro e do Porto\" \/>\r\n<meta property=\"og:description\" content=\"Made from a blend of grapes from different years, sourced from our old vineyards in Baixo Corgo, Cima Corgo, and Douro Superior, carefully selected by the winemaker over the years for their unique characteristics. Aged in French oak barrels, this wine reveals a fresh and engaging profile, with notes of black fruit and cherry. The&hellip; Continue reading Po\u00e7as Fora da S\u00e9rie Uppercut Edi\u00e7\u00e3o Especial\" \/>\r\n<meta property=\"og:url\" content=\"https:\/\/pocas.pt\/en\/product\/pocas-fora-da-serie-uppercut-edicao-especial\/\" \/>\r\n<meta property=\"og:site_name\" content=\"Po\u00e7as - Produtor Independente de Vinhos DOC Douro e do Porto\" \/>\r\n<meta property=\"article:publisher\" content=\"https:\/\/www.facebook.com\/Pocas.Wines\" \/>\r\n<meta property=\"article:modified_time\" content=\"2026-02-09T11:57:15+00:00\" \/>\r\n<meta property=\"og:image\" content=\"https:\/\/pocas.pt\/wp-content\/uploads\/2025\/06\/Fora-da-Serie-Uppercut-Edicao-Especial.png\" \/>\r\n\t<meta property=\"og:image:width\" content=\"1333\" \/>\r\n\t<meta property=\"og:image:height\" content=\"2000\" \/>\r\n\t<meta property=\"og:image:type\" content=\"image\/png\" \/>\r\n<meta name=\"twitter:card\" content=\"summary_large_image\" \/>\r\n<meta name=\"twitter:site\" content=\"@pocaswines\" \/>\r\n<meta name=\"twitter:label1\" content=\"Est. reading time\" \/>\n\t<meta name=\"twitter:data1\" content=\"1 minute\" \/>\r\n<script type=\"application\/ld+json\" class=\"yoast-schema-graph\">{\"@context\":\"https:\/\/schema.org\",\"@graph\":[{\"@type\":\"WebPage\",\"@id\":\"https:\/\/pocas.pt\/en\/product\/pocas-fora-da-serie-uppercut-edicao-especial\/\",\"url\":\"https:\/\/pocas.pt\/en\/product\/pocas-fora-da-serie-uppercut-edicao-especial\/\",\"name\":\"Po\u00e7as Fora da S\u00e9rie Uppercut Edi\u00e7\u00e3o Especial - Po\u00e7as - Produtor Independente de Vinhos DOC Douro e do Porto\",\"isPartOf\":{\"@id\":\"https:\/\/pocas.pt\/#website\"},\"primaryImageOfPage\":{\"@id\":\"https:\/\/pocas.pt\/en\/product\/pocas-fora-da-serie-uppercut-edicao-especial\/#primaryimage\"},\"image\":{\"@id\":\"https:\/\/pocas.pt\/en\/product\/pocas-fora-da-serie-uppercut-edicao-especial\/#primaryimage\"},\"thumbnailUrl\":\"https:\/\/pocas.pt\/wp-content\/uploads\/2025\/06\/Fora-da-Serie-Uppercut-Edicao-Especial.png\",\"datePublished\":\"2025-06-12T09:58:16+00:00\",\"dateModified\":\"2026-02-09T11:57:15+00:00\",\"breadcrumb\":{\"@id\":\"https:\/\/pocas.pt\/en\/product\/pocas-fora-da-serie-uppercut-edicao-especial\/#breadcrumb\"},\"inLanguage\":\"en-US\",\"potentialAction\":[{\"@type\":\"ReadAction\",\"target\":[\"https:\/\/pocas.pt\/en\/product\/pocas-fora-da-serie-uppercut-edicao-especial\/\"]}]},{\"@type\":\"ImageObject\",\"inLanguage\":\"en-US\",\"@id\":\"https:\/\/pocas.pt\/en\/product\/pocas-fora-da-serie-uppercut-edicao-especial\/#primaryimage\",\"url\":\"https:\/\/pocas.pt\/wp-content\/uploads\/2025\/06\/Fora-da-Serie-Uppercut-Edicao-Especial.png\",\"contentUrl\":\"https:\/\/pocas.pt\/wp-content\/uploads\/2025\/06\/Fora-da-Serie-Uppercut-Edicao-Especial.png\",\"width\":1333,\"height\":2000},{\"@type\":\"BreadcrumbList\",\"@id\":\"https:\/\/pocas.pt\/en\/product\/pocas-fora-da-serie-uppercut-edicao-especial\/#breadcrumb\",\"itemListElement\":[{\"@type\":\"ListItem\",\"position\":1,\"name\":\"In\u00edcio\",\"item\":\"https:\/\/pocas.pt\/en\/\"},{\"@type\":\"ListItem\",\"position\":2,\"name\":\"Po\u00e7as Fora da S\u00e9rie Uppercut Edi\u00e7\u00e3o Especial\"}]},{\"@type\":\"WebSite\",\"@id\":\"https:\/\/pocas.pt\/#website\",\"url\":\"https:\/\/pocas.pt\/\",\"name\":\"Po\u00e7as - Produtor Independente de Vinhos DOC Douro e do Porto\",\"description\":\"\",\"publisher\":{\"@id\":\"https:\/\/pocas.pt\/#organization\"},\"potentialAction\":[{\"@type\":\"SearchAction\",\"target\":{\"@type\":\"EntryPoint\",\"urlTemplate\":\"https:\/\/pocas.pt\/?s={search_term_string}\"},\"query-input\":{\"@type\":\"PropertyValueSpecification\",\"valueRequired\":true,\"valueName\":\"search_term_string\"}}],\"inLanguage\":\"en-US\"},{\"@type\":\"Organization\",\"@id\":\"https:\/\/pocas.pt\/#organization\",\"name\":\"Po\u00e7as J\u00fanior\",\"url\":\"https:\/\/pocas.pt\/\",\"logo\":{\"@type\":\"ImageObject\",\"inLanguage\":\"en-US\",\"@id\":\"https:\/\/pocas.pt\/#\/schema\/logo\/image\/\",\"url\":\"https:\/\/pocas.pt\/wp-content\/uploads\/2021\/03\/logotipo-pocas-black.svg\",\"contentUrl\":\"https:\/\/pocas.pt\/wp-content\/uploads\/2021\/03\/logotipo-pocas-black.svg\",\"width\":612,\"height\":261,\"caption\":\"Po\u00e7as J\u00fanior\"},\"image\":{\"@id\":\"https:\/\/pocas.pt\/#\/schema\/logo\/image\/\"},\"sameAs\":[\"https:\/\/www.facebook.com\/Pocas.Wines\",\"https:\/\/x.com\/pocaswines\",\"https:\/\/www.instagram.com\/pocaswines\/\"]}]}<\/script>\r\n<!-- \/ Yoast SEO plugin. -->","yoast_head_json":{"title":"Po\u00e7as Fora da S\u00e9rie Uppercut Edi\u00e7\u00e3o Especial - Po\u00e7as - Produtor Independente de Vinhos DOC Douro e do Porto","robots":{"index":"index","follow":"follow","max-snippet":"max-snippet:-1","max-image-preview":"max-image-preview:large","max-video-preview":"max-video-preview:-1"},"canonical":"https:\/\/pocas.pt\/en\/product\/pocas-fora-da-serie-uppercut-edicao-especial\/","og_locale":"en_US","og_type":"article","og_title":"Po\u00e7as Fora da S\u00e9rie Uppercut Edi\u00e7\u00e3o Especial - Po\u00e7as - Produtor Independente de Vinhos DOC Douro e do Porto","og_description":"Made from a blend of grapes from different years, sourced from our old vineyards in Baixo Corgo, Cima Corgo, and Douro Superior, carefully selected by the winemaker over the years for their unique characteristics. Aged in French oak barrels, this wine reveals a fresh and engaging profile, with notes of black fruit and cherry. The&hellip; Continue reading Po\u00e7as Fora da S\u00e9rie Uppercut Edi\u00e7\u00e3o Especial","og_url":"https:\/\/pocas.pt\/en\/product\/pocas-fora-da-serie-uppercut-edicao-especial\/","og_site_name":"Po\u00e7as - Produtor Independente de Vinhos DOC Douro e do Porto","article_publisher":"https:\/\/www.facebook.com\/Pocas.Wines","article_modified_time":"2026-02-09T11:57:15+00:00","og_image":[{"width":1333,"height":2000,"url":"https:\/\/pocas.pt\/wp-content\/uploads\/2025\/06\/Fora-da-Serie-Uppercut-Edicao-Especial.png","type":"image\/png"}],"twitter_card":"summary_large_image","twitter_site":"@pocaswines","twitter_misc":{"Est. reading time":"1 minute"},"schema":{"@context":"https:\/\/schema.org","@graph":[{"@type":"WebPage","@id":"https:\/\/pocas.pt\/en\/product\/pocas-fora-da-serie-uppercut-edicao-especial\/","url":"https:\/\/pocas.pt\/en\/product\/pocas-fora-da-serie-uppercut-edicao-especial\/","name":"Po\u00e7as Fora da S\u00e9rie Uppercut Edi\u00e7\u00e3o Especial - Po\u00e7as - Produtor Independente de Vinhos DOC Douro e do Porto","isPartOf":{"@id":"https:\/\/pocas.pt\/#website"},"primaryImageOfPage":{"@id":"https:\/\/pocas.pt\/en\/product\/pocas-fora-da-serie-uppercut-edicao-especial\/#primaryimage"},"image":{"@id":"https:\/\/pocas.pt\/en\/product\/pocas-fora-da-serie-uppercut-edicao-especial\/#primaryimage"},"thumbnailUrl":"https:\/\/pocas.pt\/wp-content\/uploads\/2025\/06\/Fora-da-Serie-Uppercut-Edicao-Especial.png","datePublished":"2025-06-12T09:58:16+00:00","dateModified":"2026-02-09T11:57:15+00:00","breadcrumb":{"@id":"https:\/\/pocas.pt\/en\/product\/pocas-fora-da-serie-uppercut-edicao-especial\/#breadcrumb"},"inLanguage":"en-US","potentialAction":[{"@type":"ReadAction","target":["https:\/\/pocas.pt\/en\/product\/pocas-fora-da-serie-uppercut-edicao-especial\/"]}]},{"@type":"ImageObject","inLanguage":"en-US","@id":"https:\/\/pocas.pt\/en\/product\/pocas-fora-da-serie-uppercut-edicao-especial\/#primaryimage","url":"https:\/\/pocas.pt\/wp-content\/uploads\/2025\/06\/Fora-da-Serie-Uppercut-Edicao-Especial.png","contentUrl":"https:\/\/pocas.pt\/wp-content\/uploads\/2025\/06\/Fora-da-Serie-Uppercut-Edicao-Especial.png","width":1333,"height":2000},{"@type":"BreadcrumbList","@id":"https:\/\/pocas.pt\/en\/product\/pocas-fora-da-serie-uppercut-edicao-especial\/#breadcrumb","itemListElement":[{"@type":"ListItem","position":1,"name":"In\u00edcio","item":"https:\/\/pocas.pt\/en\/"},{"@type":"ListItem","position":2,"name":"Po\u00e7as Fora da S\u00e9rie Uppercut Edi\u00e7\u00e3o Especial"}]},{"@type":"WebSite","@id":"https:\/\/pocas.pt\/#website","url":"https:\/\/pocas.pt\/","name":"Po\u00e7as - Produtor Independente de Vinhos DOC Douro e do Porto","description":"","publisher":{"@id":"https:\/\/pocas.pt\/#organization"},"potentialAction":[{"@type":"SearchAction","target":{"@type":"EntryPoint","urlTemplate":"https:\/\/pocas.pt\/?s={search_term_string}"},"query-input":{"@type":"PropertyValueSpecification","valueRequired":true,"valueName":"search_term_string"}}],"inLanguage":"en-US"},{"@type":"Organization","@id":"https:\/\/pocas.pt\/#organization","name":"Po\u00e7as J\u00fanior","url":"https:\/\/pocas.pt\/","logo":{"@type":"ImageObject","inLanguage":"en-US","@id":"https:\/\/pocas.pt\/#\/schema\/logo\/image\/","url":"https:\/\/pocas.pt\/wp-content\/uploads\/2021\/03\/logotipo-pocas-black.svg","contentUrl":"https:\/\/pocas.pt\/wp-content\/uploads\/2021\/03\/logotipo-pocas-black.svg","width":612,"height":261,"caption":"Po\u00e7as J\u00fanior"},"image":{"@id":"https:\/\/pocas.pt\/#\/schema\/logo\/image\/"},"sameAs":["https:\/\/www.facebook.com\/Pocas.Wines","https:\/\/x.com\/pocaswines","https:\/\/www.instagram.com\/pocaswines\/"]}]}},"_links":{"self":[{"href":"https:\/\/pocas.pt\/en\/wp-json\/wp\/v2\/product\/9458","targetHints":{"allow":["GET"]}}],"collection":[{"href":"https:\/\/pocas.pt\/en\/wp-json\/wp\/v2\/product"}],"about":[{"href":"https:\/\/pocas.pt\/en\/wp-json\/wp\/v2\/types\/product"}],"wp:featuredmedia":[{"embeddable":true,"href":"https:\/\/pocas.pt\/en\/wp-json\/wp\/v2\/media\/9456"}],"wp:attachment":[{"href":"https:\/\/pocas.pt\/en\/wp-json\/wp\/v2\/media?parent=9458"}],"wp:term":[{"taxonomy":"product_cat","embeddable":true,"href":"https:\/\/pocas.pt\/en\/wp-json\/wp\/v2\/product_cat?post=9458"},{"taxonomy":"product_tag","embeddable":true,"href":"https:\/\/pocas.pt\/en\/wp-json\/wp\/v2\/product_tag?post=9458"}],"curies":[{"name":"wp","href":"https:\/\/api.w.org\/{rel}","templated":true}]}}